{"id":614,"date":"2024-01-10T18:34:25","date_gmt":"2024-01-10T17:34:25","guid":{"rendered":"https:\/\/hexental-apo.de\/?page_id=614"},"modified":"2024-06-05T10:04:01","modified_gmt":"2024-06-05T08:04:01","slug":"das-team","status":"publish","type":"page","link":"https:\/\/hexental-apotheke.de\/?page_id=614","title":{"rendered":"Das Team"},"content":{"rendered":"\t\t<div data-elementor-type=\"wp-page\" data-elementor-id=\"614\" class=\"elementor elementor-614\" data-elementor-post-type=\"page\">\n\t\t\t\t\t\t\t<div class=\"elementor-element elementor-element-b77be97 e-flex e-con-boxed e-con e-parent\" data-id=\"b77be97\" data-element_type=\"container\" data-settings=\"{&quot;content_width&quot;:&quot;boxed&quot;}\" data-core-v316-plus=\"true\">\n\t\t\t\t\t<div class=\"e-con-inner\">\n\t\t\t\t<div class=\"elementor-element elementor-element-0c59aa8 elementor-position-left elementor-vertical-align-top elementor-widget elementor-widget-image-box\" data-id=\"0c59aa8\" data-element_type=\"widget\" data-widget_type=\"image-box.default\">\n\t\t\t\t<div class=\"elementor-widget-container\">\n\t\t\t<style>.elementor-widget-image-box .elementor-image-box-content{width:100%}@media (min-width:768px){.elementor-widget-image-box.elementor-position-left .elementor-image-box-wrapper,.elementor-widget-image-box.elementor-position-right .elementor-image-box-wrapper{display:flex}.elementor-widget-image-box.elementor-position-right .elementor-image-box-wrapper{text-align:right;flex-direction:row-reverse}.elementor-widget-image-box.elementor-position-left .elementor-image-box-wrapper{text-align:left;flex-direction:row}.elementor-widget-image-box.elementor-position-top .elementor-image-box-img{margin:auto}.elementor-widget-image-box.elementor-vertical-align-top .elementor-image-box-wrapper{align-items:flex-start}.elementor-widget-image-box.elementor-vertical-align-middle .elementor-image-box-wrapper{align-items:center}.elementor-widget-image-box.elementor-vertical-align-bottom .elementor-image-box-wrapper{align-items:flex-end}}@media (max-width:767px){.elementor-widget-image-box .elementor-image-box-img{margin-left:auto!important;margin-right:auto!important;margin-bottom:15px}}.elementor-widget-image-box .elementor-image-box-img{display:inline-block}.elementor-widget-image-box .elementor-image-box-title a{color:inherit}.elementor-widget-image-box .elementor-image-box-wrapper{text-align:center}.elementor-widget-image-box .elementor-image-box-description{margin:0}<\/style><div class=\"elementor-image-box-wrapper\"><figure class=\"elementor-image-box-img\"><img fetchpriority=\"high\" decoding=\"async\" width=\"1708\" height=\"1707\" src=\"https:\/\/hexental-apotheke.de\/wp-content\/uploads\/2024\/01\/cropped-Das_Team_SybilleKoch-scaled-1.jpg\" class=\"attachment-full size-full wp-image-643\" alt=\"\" srcset=\"https:\/\/hexental-apotheke.de\/wp-content\/uploads\/2024\/01\/cropped-Das_Team_SybilleKoch-scaled-1.jpg 1708w, https:\/\/hexental-apotheke.de\/wp-content\/uploads\/2024\/01\/cropped-Das_Team_SybilleKoch-scaled-1-300x300.jpg 300w, https:\/\/hexental-apotheke.de\/wp-content\/uploads\/2024\/01\/cropped-Das_Team_SybilleKoch-scaled-1-1024x1024.jpg 1024w, https:\/\/hexental-apotheke.de\/wp-content\/uploads\/2024\/01\/cropped-Das_Team_SybilleKoch-scaled-1-150x150.jpg 150w, https:\/\/hexental-apotheke.de\/wp-content\/uploads\/2024\/01\/cropped-Das_Team_SybilleKoch-scaled-1-768x768.jpg 768w, https:\/\/hexental-apotheke.de\/wp-content\/uploads\/2024\/01\/cropped-Das_Team_SybilleKoch-scaled-1-1536x1536.jpg 1536w\" sizes=\"(max-width: 1708px) 100vw, 1708px\" \/><\/figure><div class=\"elementor-image-box-content\"><h3 class=\"elementor-image-box-title\">Dr. Sybille Koch-G\u00f6pfrich \u2013 Apothekerin & Heilpraktikerin<\/h3><p class=\"elementor-image-box-description\">Am 1. Januar 2009 \u00fcbernahm ich die Hexental-Apotheke. Im gleichen Jahr wurde die Apotheke umgebaut und neu gestaltet. Mein beruflicher Ma\u00dfstab ist immer die gr\u00f6\u00dftm\u00f6gliche Kundenzufriedenheit. Daf\u00fcr stehe ich, zusammen mit meinen kompetenten und geschulten Mitarbeiterinnen im Handverkauf und bei der Beratung zu allen Fragen zur Gesundheit. Au\u00dferdem bieten wir Ihnen einen erweiterten Bestellservice und einen t\u00e4glichen Botendienst f\u00fcr die Region rund um Merzhausen an. Damit auch im Hintergrund alles perfekt organisiert ist, wurde in der Apotheke 2011 ein Qualit\u00e4tsmanagementsystem eingef\u00fchrt und nach DIN EN ISO 9001:2008 zertifiziert. 2012 war ich 3 Monate im Auslandseinsatz f\u00fcr die Organisation \u00c4rzte f\u00fcr die 3. Welt in Sierra Leone, um dort eine Krankenhausapotheke aufzubauen. Seit 2023 bin ich zus\u00e4tzlich staatlich gepr\u00fcfte Heilpraktikerin. <\/p><\/div><\/div>\t\t<\/div>\n\t\t\t\t<\/div>\n\t\t\t\t<div class=\"elementor-element elementor-element-2e1fb32 elementor-widget-divider--view-line elementor-widget elementor-widget-divider\" data-id=\"2e1fb32\" data-element_type=\"widget\" data-widget_type=\"divider.default\">\n\t\t\t\t<div class=\"elementor-widget-container\">\n\t\t\t<style>\/*! elementor - v3.18.0 - 20-12-2023 *\/\n.elementor-widget-divider{--divider-border-style:none;--divider-border-width:1px;--divider-color:#0c0d0e;--divider-icon-size:20px;--divider-element-spacing:10px;--divider-pattern-height:24px;--divider-pattern-size:20px;--divider-pattern-url:none;--divider-pattern-repeat:repeat-x}.elementor-widget-divider .elementor-divider{display:flex}.elementor-widget-divider .elementor-divider__text{font-size:15px;line-height:1;max-width:95%}.elementor-widget-divider .elementor-divider__element{margin:0 var(--divider-element-spacing);flex-shrink:0}.elementor-widget-divider .elementor-icon{font-size:var(--divider-icon-size)}.elementor-widget-divider .elementor-divider-separator{display:flex;margin:0;direction:ltr}.elementor-widget-divider--view-line_icon .elementor-divider-separator,.elementor-widget-divider--view-line_text .elementor-divider-separator{align-items:center}.elementor-widget-divider--view-line_icon .elementor-divider-separator:after,.elementor-widget-divider--view-line_icon .elementor-divider-separator:before,.elementor-widget-divider--view-line_text .elementor-divider-separator:after,.elementor-widget-divider--view-line_text .elementor-divider-separator:before{display:block;content:\"\";border-bottom:0;flex-grow:1;border-top:var(--divider-border-width) var(--divider-border-style) var(--divider-color)}.elementor-widget-divider--element-align-left .elementor-divider .elementor-divider-separator>.elementor-divider__svg:first-of-type{flex-grow:0;flex-shrink:100}.elementor-widget-divider--element-align-left .elementor-divider-separator:before{content:none}.elementor-widget-divider--element-align-left .elementor-divider__element{margin-left:0}.elementor-widget-divider--element-align-right .elementor-divider .elementor-divider-separator>.elementor-divider__svg:last-of-type{flex-grow:0;flex-shrink:100}.elementor-widget-divider--element-align-right .elementor-divider-separator:after{content:none}.elementor-widget-divider--element-align-right .elementor-divider__element{margin-right:0}.elementor-widget-divider:not(.elementor-widget-divider--view-line_text):not(.elementor-widget-divider--view-line_icon) .elementor-divider-separator{border-top:var(--divider-border-width) var(--divider-border-style) var(--divider-color)}.elementor-widget-divider--separator-type-pattern{--divider-border-style:none}.elementor-widget-divider--separator-type-pattern.elementor-widget-divider--view-line .elementor-divider-separator,.elementor-widget-divider--separator-type-pattern:not(.elementor-widget-divider--view-line) .elementor-divider-separator:after,.elementor-widget-divider--separator-type-pattern:not(.elementor-widget-divider--view-line) .elementor-divider-separator:before,.elementor-widget-divider--separator-type-pattern:not([class*=elementor-widget-divider--view]) .elementor-divider-separator{width:100%;min-height:var(--divider-pattern-height);-webkit-mask-size:var(--divider-pattern-size) 100%;mask-size:var(--divider-pattern-size) 100%;-webkit-mask-repeat:var(--divider-pattern-repeat);mask-repeat:var(--divider-pattern-repeat);background-color:var(--divider-color);-webkit-mask-image:var(--divider-pattern-url);mask-image:var(--divider-pattern-url)}.elementor-widget-divider--no-spacing{--divider-pattern-size:auto}.elementor-widget-divider--bg-round{--divider-pattern-repeat:round}.rtl .elementor-widget-divider .elementor-divider__text{direction:rtl}.e-con-inner>.elementor-widget-divider,.e-con>.elementor-widget-divider{width:var(--container-widget-width,100%);--flex-grow:var(--container-widget-flex-grow)}<\/style>\t\t<div class=\"elementor-divider\">\n\t\t\t<span class=\"elementor-divider-separator\">\n\t\t\t\t\t\t<\/span>\n\t\t<\/div>\n\t\t\t\t<\/div>\n\t\t\t\t<\/div>\n\t\t\t\t<div class=\"elementor-element elementor-element-0479169 elementor-position-left elementor-vertical-align-top elementor-widget elementor-widget-image-box\" data-id=\"0479169\" data-element_type=\"widget\" data-widget_type=\"image-box.default\">\n\t\t\t\t<div class=\"elementor-widget-container\">\n\t\t\t<div class=\"elementor-image-box-wrapper\"><figure class=\"elementor-image-box-img\"><img decoding=\"async\" width=\"1741\" height=\"1741\" src=\"https:\/\/hexental-apotheke.de\/wp-content\/uploads\/2024\/01\/cropped-Das_Team_AndreaStadler_2-scaled-1.jpg\" class=\"attachment-full size-full wp-image-635\" alt=\"\" srcset=\"https:\/\/hexental-apotheke.de\/wp-content\/uploads\/2024\/01\/cropped-Das_Team_AndreaStadler_2-scaled-1.jpg 1741w, https:\/\/hexental-apotheke.de\/wp-content\/uploads\/2024\/01\/cropped-Das_Team_AndreaStadler_2-scaled-1-300x300.jpg 300w, https:\/\/hexental-apotheke.de\/wp-content\/uploads\/2024\/01\/cropped-Das_Team_AndreaStadler_2-scaled-1-1024x1024.jpg 1024w, https:\/\/hexental-apotheke.de\/wp-content\/uploads\/2024\/01\/cropped-Das_Team_AndreaStadler_2-scaled-1-150x150.jpg 150w, https:\/\/hexental-apotheke.de\/wp-content\/uploads\/2024\/01\/cropped-Das_Team_AndreaStadler_2-scaled-1-768x768.jpg 768w, https:\/\/hexental-apotheke.de\/wp-content\/uploads\/2024\/01\/cropped-Das_Team_AndreaStadler_2-scaled-1-1536x1536.jpg 1536w\" sizes=\"(max-width: 1741px) 100vw, 1741px\" \/><\/figure><div class=\"elementor-image-box-content\"><h3 class=\"elementor-image-box-title\">Andrea Stadler \u2013 Apothekerin<\/h3><p class=\"elementor-image-box-description\">Ich blicke auf \u00fcber 20 Jahre Erfahrung in der Apotheke zur\u00fcck und bin seit 2005 im Team der Hexental- Apotheke vor allem im Handverkauf t\u00e4tig. Dabei beantworte ich gerne Ihre Fragen rund um Arzneimitteleinnahme, Nebenwirkungen und Wechselwirkungen. Ich freue mich auf Ihren Besuch. Bei jeglichen Fragen zu Hilfsmitteln wie z.B. medizinischen Kompressionsstr\u00fcmpfen, Bandagen, Diabetikerbedarf oder Inkontinenzprodukten berate ich Sie gerne. Ich impfe Sie auch gern im Herbst gegen die Grippe. Daneben k\u00fcmmere ich mich um die Versorgung unserer chirurgischen und Orthop\u00e4dischen Kliniken und Praxen. <\/p><\/div><\/div>\t\t<\/div>\n\t\t\t\t<\/div>\n\t\t\t\t<div class=\"elementor-element elementor-element-6f8f63c elementor-widget-divider--view-line elementor-widget elementor-widget-divider\" data-id=\"6f8f63c\" data-element_type=\"widget\" data-widget_type=\"divider.default\">\n\t\t\t\t<div class=\"elementor-widget-container\">\n\t\t\t\t\t<div class=\"elementor-divider\">\n\t\t\t<span class=\"elementor-divider-separator\">\n\t\t\t\t\t\t<\/span>\n\t\t<\/div>\n\t\t\t\t<\/div>\n\t\t\t\t<\/div>\n\t\t\t\t<div class=\"elementor-element elementor-element-62e8dd6 elementor-position-left elementor-vertical-align-top elementor-widget elementor-widget-image-box\" data-id=\"62e8dd6\" data-element_type=\"widget\" data-widget_type=\"image-box.default\">\n\t\t\t\t<div class=\"elementor-widget-container\">\n\t\t\t<div class=\"elementor-image-box-wrapper\"><figure class=\"elementor-image-box-img\"><img decoding=\"async\" width=\"1741\" height=\"1741\" src=\"https:\/\/hexental-apotheke.de\/wp-content\/uploads\/2024\/01\/cropped-Das_Team_AndreaHug_2-scaled-1.jpg\" class=\"attachment-full size-full wp-image-634\" alt=\"\" srcset=\"https:\/\/hexental-apotheke.de\/wp-content\/uploads\/2024\/01\/cropped-Das_Team_AndreaHug_2-scaled-1.jpg 1741w, https:\/\/hexental-apotheke.de\/wp-content\/uploads\/2024\/01\/cropped-Das_Team_AndreaHug_2-scaled-1-300x300.jpg 300w, https:\/\/hexental-apotheke.de\/wp-content\/uploads\/2024\/01\/cropped-Das_Team_AndreaHug_2-scaled-1-1024x1024.jpg 1024w, https:\/\/hexental-apotheke.de\/wp-content\/uploads\/2024\/01\/cropped-Das_Team_AndreaHug_2-scaled-1-150x150.jpg 150w, https:\/\/hexental-apotheke.de\/wp-content\/uploads\/2024\/01\/cropped-Das_Team_AndreaHug_2-scaled-1-768x768.jpg 768w, https:\/\/hexental-apotheke.de\/wp-content\/uploads\/2024\/01\/cropped-Das_Team_AndreaHug_2-scaled-1-1536x1536.jpg 1536w\" sizes=\"(max-width: 1741px) 100vw, 1741px\" \/><\/figure><div class=\"elementor-image-box-content\"><h3 class=\"elementor-image-box-title\">Andrea Hug \u2013 Apothekerin<\/h3><p class=\"elementor-image-box-description\">Ich vertrete seit 15 Jahren regelm\u00e4\u00dfig die Chefin. Seit 2014 bin ich regelm\u00e4\u00dfig an aktuell 2 Tagen in der Woche hier. Ich kenne mich mit allen pharmazeutischen Themen gut aus, auch mit komplizierten Krankheiten und mit dem Thema Krankenhausmedizin. Hier bilde ich mich auch zwei mal pro Jahr j\u00e4hrlich eine ganze Woche fort. <\/p><\/div><\/div>\t\t<\/div>\n\t\t\t\t<\/div>\n\t\t\t\t<div class=\"elementor-element elementor-element-de800ab elementor-widget-divider--view-line elementor-widget elementor-widget-divider\" data-id=\"de800ab\" data-element_type=\"widget\" data-widget_type=\"divider.default\">\n\t\t\t\t<div class=\"elementor-widget-container\">\n\t\t\t\t\t<div class=\"elementor-divider\">\n\t\t\t<span class=\"elementor-divider-separator\">\n\t\t\t\t\t\t<\/span>\n\t\t<\/div>\n\t\t\t\t<\/div>\n\t\t\t\t<\/div>\n\t\t\t\t<div class=\"elementor-element elementor-element-8fb94c9 elementor-position-left elementor-vertical-align-top elementor-widget elementor-widget-image-box\" data-id=\"8fb94c9\" data-element_type=\"widget\" data-widget_type=\"image-box.default\">\n\t\t\t\t<div class=\"elementor-widget-container\">\n\t\t\t<div class=\"elementor-image-box-wrapper\"><figure class=\"elementor-image-box-img\"><a href=\"\" target=\"_blank\" tabindex=\"-1\"><img loading=\"lazy\" decoding=\"async\" width=\"1814\" height=\"1814\" src=\"https:\/\/hexental-apotheke.de\/wp-content\/uploads\/2024\/01\/cropped-cropped-cropped-Salerno-scaled-1.jpg\" class=\"attachment-full size-full wp-image-632\" alt=\"\" srcset=\"https:\/\/hexental-apotheke.de\/wp-content\/uploads\/2024\/01\/cropped-cropped-cropped-Salerno-scaled-1.jpg 1814w, https:\/\/hexental-apotheke.de\/wp-content\/uploads\/2024\/01\/cropped-cropped-cropped-Salerno-scaled-1-300x300.jpg 300w, https:\/\/hexental-apotheke.de\/wp-content\/uploads\/2024\/01\/cropped-cropped-cropped-Salerno-scaled-1-1024x1024.jpg 1024w, https:\/\/hexental-apotheke.de\/wp-content\/uploads\/2024\/01\/cropped-cropped-cropped-Salerno-scaled-1-150x150.jpg 150w, https:\/\/hexental-apotheke.de\/wp-content\/uploads\/2024\/01\/cropped-cropped-cropped-Salerno-scaled-1-768x768.jpg 768w, https:\/\/hexental-apotheke.de\/wp-content\/uploads\/2024\/01\/cropped-cropped-cropped-Salerno-scaled-1-1536x1536.jpg 1536w\" sizes=\"(max-width: 1814px) 100vw, 1814px\" \/><\/a><\/figure><div class=\"elementor-image-box-content\"><h3 class=\"elementor-image-box-title\"><a href=\"\" target=\"_blank\">Heike Salerno - Apothekerin<\/a><\/h3><p class=\"elementor-image-box-description\">Ich bin seit 2022 Vollzeit Apothekerin in der Hexental-Apotheke und k\u00fcmmere mich neben der Patientenberatung um die Themen Hygienemanagement, Gefahrstoffe und Arbeitssicherheit, Pflichtschulungen und die Praktikantenausbildung. Daneben habe ich noch eine Lehrt\u00e4tigkeit an der Hochschule f\u00fcr Hebammen und f\u00fchre Seminare f\u00fcr die Volkshochschule s\u00fcdlicher Breisgau durch. Mich k\u00f6nnen Sie von A wie Asthma bis Z wie Zahnschmerzen wirklich alles fragen. \n\n<\/p><\/div><\/div>\t\t<\/div>\n\t\t\t\t<\/div>\n\t\t\t\t<div class=\"elementor-element elementor-element-11b91cd elementor-widget-divider--view-line elementor-widget elementor-widget-divider\" data-id=\"11b91cd\" data-element_type=\"widget\" data-widget_type=\"divider.default\">\n\t\t\t\t<div class=\"elementor-widget-container\">\n\t\t\t\t\t<div class=\"elementor-divider\">\n\t\t\t<span class=\"elementor-divider-separator\">\n\t\t\t\t\t\t<\/span>\n\t\t<\/div>\n\t\t\t\t<\/div>\n\t\t\t\t<\/div>\n\t\t\t\t<div class=\"elementor-element elementor-element-d31eb55 elementor-position-left elementor-vertical-align-top elementor-widget elementor-widget-image-box\" data-id=\"d31eb55\" data-element_type=\"widget\" data-widget_type=\"image-box.default\">\n\t\t\t\t<div class=\"elementor-widget-container\">\n\t\t\t<div class=\"elementor-image-box-wrapper\"><figure class=\"elementor-image-box-img\"><img loading=\"lazy\" decoding=\"async\" width=\"1708\" height=\"1707\" src=\"https:\/\/hexental-apotheke.de\/wp-content\/uploads\/2024\/01\/cropped-Das_Team_SofiaAlbert-scaled-1.jpg\" class=\"attachment-full size-full wp-image-642\" alt=\"\" srcset=\"https:\/\/hexental-apotheke.de\/wp-content\/uploads\/2024\/01\/cropped-Das_Team_SofiaAlbert-scaled-1.jpg 1708w, https:\/\/hexental-apotheke.de\/wp-content\/uploads\/2024\/01\/cropped-Das_Team_SofiaAlbert-scaled-1-300x300.jpg 300w, https:\/\/hexental-apotheke.de\/wp-content\/uploads\/2024\/01\/cropped-Das_Team_SofiaAlbert-scaled-1-1024x1024.jpg 1024w, https:\/\/hexental-apotheke.de\/wp-content\/uploads\/2024\/01\/cropped-Das_Team_SofiaAlbert-scaled-1-150x150.jpg 150w, https:\/\/hexental-apotheke.de\/wp-content\/uploads\/2024\/01\/cropped-Das_Team_SofiaAlbert-scaled-1-768x768.jpg 768w, https:\/\/hexental-apotheke.de\/wp-content\/uploads\/2024\/01\/cropped-Das_Team_SofiaAlbert-scaled-1-1536x1536.jpg 1536w\" sizes=\"(max-width: 1708px) 100vw, 1708px\" \/><\/figure><div class=\"elementor-image-box-content\"><h3 class=\"elementor-image-box-title\">Sofia Albert \u2013 Apothekerin<\/h3><p class=\"elementor-image-box-description\">Ich arbeite seit Mai 2019 als Apothekerin in der Hexental-Apotheke. Ich bin am liebsten im Patientenkontakt in der Apotheken-Offizin und k\u00fcmmere mich hier um alle pharmazeutischen Anliegen. Daneben bin ich verantwortlich f\u00fcr die Aktionstage wie unsere beliebten Kosmetikwochen, Vitamin D-Messungen oder Venenfunktionsmessungen sowie die Kosmetikveranstaltungen am Abend. Zudem gestalte ich in der Apotheke die Schaufenster. Als geb\u00fcrtig vom Hexental, freue mich sehr, f\u00fcr die Patienten im Hexental da zu sein!<\/p><\/div><\/div>\t\t<\/div>\n\t\t\t\t<\/div>\n\t\t\t\t<div class=\"elementor-element elementor-element-5dacbcf elementor-widget-divider--view-line elementor-widget elementor-widget-divider\" data-id=\"5dacbcf\" data-element_type=\"widget\" data-widget_type=\"divider.default\">\n\t\t\t\t<div class=\"elementor-widget-container\">\n\t\t\t\t\t<div class=\"elementor-divider\">\n\t\t\t<span class=\"elementor-divider-separator\">\n\t\t\t\t\t\t<\/span>\n\t\t<\/div>\n\t\t\t\t<\/div>\n\t\t\t\t<\/div>\n\t\t\t\t<div class=\"elementor-element elementor-element-34488d9 elementor-position-left elementor-vertical-align-top elementor-widget elementor-widget-image-box\" data-id=\"34488d9\" data-element_type=\"widget\" data-widget_type=\"image-box.default\">\n\t\t\t\t<div class=\"elementor-widget-container\">\n\t\t\t<div class=\"elementor-image-box-wrapper\"><figure class=\"elementor-image-box-img\"><img loading=\"lazy\" decoding=\"async\" width=\"1696\" height=\"1695\" src=\"https:\/\/hexental-apotheke.de\/wp-content\/uploads\/2024\/01\/cropped-Das_Team_Anna-LisaOppel-scaled-1.jpg\" class=\"attachment-full size-full wp-image-637\" alt=\"\" srcset=\"https:\/\/hexental-apotheke.de\/wp-content\/uploads\/2024\/01\/cropped-Das_Team_Anna-LisaOppel-scaled-1.jpg 1696w, https:\/\/hexental-apotheke.de\/wp-content\/uploads\/2024\/01\/cropped-Das_Team_Anna-LisaOppel-scaled-1-300x300.jpg 300w, https:\/\/hexental-apotheke.de\/wp-content\/uploads\/2024\/01\/cropped-Das_Team_Anna-LisaOppel-scaled-1-1024x1024.jpg 1024w, https:\/\/hexental-apotheke.de\/wp-content\/uploads\/2024\/01\/cropped-Das_Team_Anna-LisaOppel-scaled-1-150x150.jpg 150w, https:\/\/hexental-apotheke.de\/wp-content\/uploads\/2024\/01\/cropped-Das_Team_Anna-LisaOppel-scaled-1-768x768.jpg 768w, https:\/\/hexental-apotheke.de\/wp-content\/uploads\/2024\/01\/cropped-Das_Team_Anna-LisaOppel-scaled-1-1536x1536.jpg 1536w\" sizes=\"(max-width: 1696px) 100vw, 1696px\" \/><\/figure><div class=\"elementor-image-box-content\"><h3 class=\"elementor-image-box-title\">Anna-Lisa Oppel \u2013 Apothekerin<\/h3><p class=\"elementor-image-box-description\">Seit Herbst 2020 arbeite ich als Apothekerin in der Hexental \u2013 Apotheke und seit Mai 2021 bin ich zudem die Chefvertretung. Daneben k\u00fcmmere ich mich um alle Belange rund um das Personal sowie um die \u00e4rztliche Sprechstundenbelieferungen und die t\u00e4glichen Arzneimittelauslieferungen per Botendienst. Gerne berate ich Sie auch im Handverkauf zu allen rezeptpflichtigen und rezeptfreien Arzneimitteln. Ich impfe Sie auch gern oder f\u00fchre mit Ihnen eine Medikationsanalyse Ihrer Medikation durch . Sprechen Sie mich an. <\/p><\/div><\/div>\t\t<\/div>\n\t\t\t\t<\/div>\n\t\t\t\t<div class=\"elementor-element elementor-element-368a9e0 elementor-widget-divider--view-line elementor-widget elementor-widget-divider\" data-id=\"368a9e0\" data-element_type=\"widget\" data-widget_type=\"divider.default\">\n\t\t\t\t<div class=\"elementor-widget-container\">\n\t\t\t\t\t<div class=\"elementor-divider\">\n\t\t\t<span class=\"elementor-divider-separator\">\n\t\t\t\t\t\t<\/span>\n\t\t<\/div>\n\t\t\t\t<\/div>\n\t\t\t\t<\/div>\n\t\t\t\t<div class=\"elementor-element elementor-element-4b14b88 elementor-widget-divider--view-line elementor-widget elementor-widget-divider\" data-id=\"4b14b88\" data-element_type=\"widget\" data-widget_type=\"divider.default\">\n\t\t\t\t<div class=\"elementor-widget-container\">\n\t\t\t\t\t<div class=\"elementor-divider\">\n\t\t\t<span class=\"elementor-divider-separator\">\n\t\t\t\t\t\t<\/span>\n\t\t<\/div>\n\t\t\t\t<\/div>\n\t\t\t\t<\/div>\n\t\t\t\t<div class=\"elementor-element elementor-element-efb74e3 elementor-position-left elementor-vertical-align-top elementor-widget elementor-widget-image-box\" data-id=\"efb74e3\" data-element_type=\"widget\" data-widget_type=\"image-box.default\">\n\t\t\t\t<div class=\"elementor-widget-container\">\n\t\t\t<div class=\"elementor-image-box-wrapper\"><figure class=\"elementor-image-box-img\"><img loading=\"lazy\" decoding=\"async\" width=\"1742\" height=\"1742\" src=\"https:\/\/hexental-apotheke.de\/wp-content\/uploads\/2024\/01\/cropped-Das_Team_AnitaKoch_2-scaled-1.jpg\" class=\"attachment-full size-full wp-image-636\" alt=\"\" srcset=\"https:\/\/hexental-apotheke.de\/wp-content\/uploads\/2024\/01\/cropped-Das_Team_AnitaKoch_2-scaled-1.jpg 1742w, https:\/\/hexental-apotheke.de\/wp-content\/uploads\/2024\/01\/cropped-Das_Team_AnitaKoch_2-scaled-1-300x300.jpg 300w, https:\/\/hexental-apotheke.de\/wp-content\/uploads\/2024\/01\/cropped-Das_Team_AnitaKoch_2-scaled-1-1024x1024.jpg 1024w, https:\/\/hexental-apotheke.de\/wp-content\/uploads\/2024\/01\/cropped-Das_Team_AnitaKoch_2-scaled-1-150x150.jpg 150w, https:\/\/hexental-apotheke.de\/wp-content\/uploads\/2024\/01\/cropped-Das_Team_AnitaKoch_2-scaled-1-768x768.jpg 768w, https:\/\/hexental-apotheke.de\/wp-content\/uploads\/2024\/01\/cropped-Das_Team_AnitaKoch_2-scaled-1-1536x1536.jpg 1536w\" sizes=\"(max-width: 1742px) 100vw, 1742px\" \/><\/figure><div class=\"elementor-image-box-content\"><h3 class=\"elementor-image-box-title\">Anita Koch \u2013 pharmazeutisch technische Angestellte<\/h3><p class=\"elementor-image-box-description\">Zertifizierungsseminar Weleda- Fachberaterin, Anmessen von Kompressionsstr\u00fcmpfen\n<br><br>\nSeit 2008 stehe ich Ihnen in der Hexental-Apotheke gerne in allen Fragen zur Gesundheit und Ern\u00e4hrung zur Verf\u00fcgung. Sprechen Sie mich an, wenn Sie Fragen zu Ihren Arzneimitteln haben, eine Beratung w\u00fcnschen oder ein Rezept einl\u00f6sen m\u00f6chten. Mein besonderes Interesse gilt den Naturheilverfahren, insbesondere der Hom\u00f6opathie. F\u00fcr die Hexental-Apotheke pflege ich seit 2010 das Qualit\u00e4tsmanagementsystem, und die Bet\u00e4ubungsmittel und verwalte den Einkauf.<\/p><\/div><\/div>\t\t<\/div>\n\t\t\t\t<\/div>\n\t\t\t\t<div class=\"elementor-element elementor-element-2102251 elementor-widget-divider--view-line elementor-widget elementor-widget-divider\" data-id=\"2102251\" data-element_type=\"widget\" data-widget_type=\"divider.default\">\n\t\t\t\t<div class=\"elementor-widget-container\">\n\t\t\t\t\t<div class=\"elementor-divider\">\n\t\t\t<span class=\"elementor-divider-separator\">\n\t\t\t\t\t\t<\/span>\n\t\t<\/div>\n\t\t\t\t<\/div>\n\t\t\t\t<\/div>\n\t\t\t\t<div class=\"elementor-element elementor-element-e80cfd1 elementor-position-left elementor-vertical-align-top elementor-widget elementor-widget-image-box\" data-id=\"e80cfd1\" data-element_type=\"widget\" data-widget_type=\"image-box.default\">\n\t\t\t\t<div class=\"elementor-widget-container\">\n\t\t\t<div class=\"elementor-image-box-wrapper\"><figure class=\"elementor-image-box-img\"><img loading=\"lazy\" decoding=\"async\" width=\"1741\" height=\"1741\" src=\"https:\/\/hexental-apotheke.de\/wp-content\/uploads\/2024\/01\/cropped-Das_Team_JasminGutmann_2-scaled-1.jpg\" class=\"attachment-full size-full wp-image-639\" alt=\"\" srcset=\"https:\/\/hexental-apotheke.de\/wp-content\/uploads\/2024\/01\/cropped-Das_Team_JasminGutmann_2-scaled-1.jpg 1741w, https:\/\/hexental-apotheke.de\/wp-content\/uploads\/2024\/01\/cropped-Das_Team_JasminGutmann_2-scaled-1-300x300.jpg 300w, https:\/\/hexental-apotheke.de\/wp-content\/uploads\/2024\/01\/cropped-Das_Team_JasminGutmann_2-scaled-1-1024x1024.jpg 1024w, https:\/\/hexental-apotheke.de\/wp-content\/uploads\/2024\/01\/cropped-Das_Team_JasminGutmann_2-scaled-1-150x150.jpg 150w, https:\/\/hexental-apotheke.de\/wp-content\/uploads\/2024\/01\/cropped-Das_Team_JasminGutmann_2-scaled-1-768x768.jpg 768w, https:\/\/hexental-apotheke.de\/wp-content\/uploads\/2024\/01\/cropped-Das_Team_JasminGutmann_2-scaled-1-1536x1536.jpg 1536w\" sizes=\"(max-width: 1741px) 100vw, 1741px\" \/><\/figure><div class=\"elementor-image-box-content\"><h3 class=\"elementor-image-box-title\">Jasmin Gutmann \u2013 pharmazeutisch technische Angestellte      (Elternzeit)<\/h3><p class=\"elementor-image-box-description\">Marketing Fachkraft, Kosmetikerin, Anmessen von Kompressionsstr\u00fcmpfen\n<br><br>\nSeit 2014 arbeite ich in der Hexental- Apotheke als PTA, Kosmetikerin und Buchhalterin. Egal, ob Sie eine Frage zu Ihren Medikamenten haben oder zu anderen Gesundheitsthemen, ich stehe Ihnen gerne zur Verf\u00fcgung. Zu meinen Schwerpunkten geh\u00f6ren neben der Kundenberatung die Beratung im Kosmetikbereich sowie das Anmessen von Kompressionsstr\u00fcmpfen. Auch zu Themen wie Hautpflege oder Pari-Inhalierger\u00e4ten und Zuberh\u00f6rteilen berate ich Sie gerne. In der Hexental-Apotheke bin ich au\u00dferdem zust\u00e4ndig f\u00fcr die Buchhaltung.<\/p><\/div><\/div>\t\t<\/div>\n\t\t\t\t<\/div>\n\t\t\t\t<div class=\"elementor-element elementor-element-1fcf880 elementor-widget-divider--view-line elementor-widget elementor-widget-divider\" data-id=\"1fcf880\" data-element_type=\"widget\" data-widget_type=\"divider.default\">\n\t\t\t\t<div class=\"elementor-widget-container\">\n\t\t\t\t\t<div class=\"elementor-divider\">\n\t\t\t<span class=\"elementor-divider-separator\">\n\t\t\t\t\t\t<\/span>\n\t\t<\/div>\n\t\t\t\t<\/div>\n\t\t\t\t<\/div>\n\t\t\t\t<div class=\"elementor-element elementor-element-d460f15 elementor-position-left elementor-vertical-align-top elementor-widget elementor-widget-image-box\" data-id=\"d460f15\" data-element_type=\"widget\" data-widget_type=\"image-box.default\">\n\t\t\t\t<div class=\"elementor-widget-container\">\n\t\t\t<div class=\"elementor-image-box-wrapper\"><figure class=\"elementor-image-box-img\"><img loading=\"lazy\" decoding=\"async\" width=\"1741\" height=\"1741\" src=\"https:\/\/hexental-apotheke.de\/wp-content\/uploads\/2024\/01\/cropped-Das_Team_ChristineDierenbach_2-scaled-1.jpg\" class=\"attachment-full size-full wp-image-638\" alt=\"\" srcset=\"https:\/\/hexental-apotheke.de\/wp-content\/uploads\/2024\/01\/cropped-Das_Team_ChristineDierenbach_2-scaled-1.jpg 1741w, https:\/\/hexental-apotheke.de\/wp-content\/uploads\/2024\/01\/cropped-Das_Team_ChristineDierenbach_2-scaled-1-300x300.jpg 300w, https:\/\/hexental-apotheke.de\/wp-content\/uploads\/2024\/01\/cropped-Das_Team_ChristineDierenbach_2-scaled-1-1024x1024.jpg 1024w, https:\/\/hexental-apotheke.de\/wp-content\/uploads\/2024\/01\/cropped-Das_Team_ChristineDierenbach_2-scaled-1-150x150.jpg 150w, https:\/\/hexental-apotheke.de\/wp-content\/uploads\/2024\/01\/cropped-Das_Team_ChristineDierenbach_2-scaled-1-768x768.jpg 768w, https:\/\/hexental-apotheke.de\/wp-content\/uploads\/2024\/01\/cropped-Das_Team_ChristineDierenbach_2-scaled-1-1536x1536.jpg 1536w\" sizes=\"(max-width: 1741px) 100vw, 1741px\" \/><\/figure><div class=\"elementor-image-box-content\"><h3 class=\"elementor-image-box-title\">Christine Dierenbach \u2013 pharmazeutisch kaufm\u00e4nnische Angestellte<\/h3><p class=\"elementor-image-box-description\">Seit 2000 bin ich f\u00fcr Sie in der Hexental-Apotheke da. Ich blicke auf \u00fcber 20 Jahre Erfahrung in der \u00f6ffentlichen Apotheke zur\u00fcck. Ich nehme gerne Ihre telefonischen W\u00fcnsche und Fragen entgegen, gebe sie bei Bedarf an eine Apothekerin oder PTA weiter und bin verantwortlich daf\u00fcr, dass Ihr Arzneimittel so schnell wie m\u00f6glich f\u00fcr Sie in der Apotheke bereit liegt. Weiter sorge ich f\u00fcr einen reibungslosen Ablauf in der Warenwirtschaft, Lagerhaltung und Bestellung. Au\u00dferdem bin ich zust\u00e4ndig f\u00fcr den Bereich der Leihger\u00e4te wie elektr. Inhalationsger\u00e4te, elektrische Milchpumpen, Babywaagen und pr\u00fcfe sie bei R\u00fcckgabe auf Funktionsf\u00e4higkeit und Sauberkeit.<\/p><\/div><\/div>\t\t<\/div>\n\t\t\t\t<\/div>\n\t\t\t\t<div class=\"elementor-element elementor-element-7f817d3 elementor-widget-divider--view-line elementor-widget elementor-widget-divider\" data-id=\"7f817d3\" data-element_type=\"widget\" data-widget_type=\"divider.default\">\n\t\t\t\t<div class=\"elementor-widget-container\">\n\t\t\t\t\t<div class=\"elementor-divider\">\n\t\t\t<span class=\"elementor-divider-separator\">\n\t\t\t\t\t\t<\/span>\n\t\t<\/div>\n\t\t\t\t<\/div>\n\t\t\t\t<\/div>\n\t\t\t\t<div class=\"elementor-element elementor-element-29b1df2 elementor-position-left elementor-vertical-align-top elementor-widget elementor-widget-image-box\" data-id=\"29b1df2\" data-element_type=\"widget\" data-widget_type=\"image-box.default\">\n\t\t\t\t<div class=\"elementor-widget-container\">\n\t\t\t<div class=\"elementor-image-box-wrapper\"><figure class=\"elementor-image-box-img\"><img loading=\"lazy\" decoding=\"async\" width=\"499\" height=\"499\" src=\"https:\/\/hexental-apotheke.de\/wp-content\/uploads\/2024\/01\/cropped-cropped-Das_Team_AlixWigand.jpg\" class=\"attachment-full size-full wp-image-633\" alt=\"\" srcset=\"https:\/\/hexental-apotheke.de\/wp-content\/uploads\/2024\/01\/cropped-cropped-Das_Team_AlixWigand.jpg 499w, https:\/\/hexental-apotheke.de\/wp-content\/uploads\/2024\/01\/cropped-cropped-Das_Team_AlixWigand-300x300.jpg 300w, https:\/\/hexental-apotheke.de\/wp-content\/uploads\/2024\/01\/cropped-cropped-Das_Team_AlixWigand-150x150.jpg 150w\" sizes=\"(max-width: 499px) 100vw, 499px\" \/><\/figure><div class=\"elementor-image-box-content\"><h3 class=\"elementor-image-box-title\">Alix Wigand \u2013 pharmazeutisch technische Angestellte (Elternzeit)<\/h3><p class=\"elementor-image-box-description\">Mein Name ist Alix Wigand, ich arbeite seit Juli 2016 in der Hexental-Apotheke. Mein Spezialgebiet ist die Hom\u00f6opathie, insbesondere die Beratung zu Weleda Produkten. Au\u00dferdem bin ich f\u00fcr das \u201cGesicht der Apotheke\u201d, das Schaufenster zust\u00e4ndig und fertige gerne Rezepturen an- Cremes, Salben oder Kapseln, zum Beispiel f\u00fcr Kinder. Im Moment befinde ich mich in Elternzeit.<\/p><\/div><\/div>\t\t<\/div>\n\t\t\t\t<\/div>\n\t\t\t\t<div class=\"elementor-element elementor-element-efff90a elementor-widget-divider--view-line elementor-widget elementor-widget-divider\" data-id=\"efff90a\" data-element_type=\"widget\" data-widget_type=\"divider.default\">\n\t\t\t\t<div class=\"elementor-widget-container\">\n\t\t\t\t\t<div class=\"elementor-divider\">\n\t\t\t<span class=\"elementor-divider-separator\">\n\t\t\t\t\t\t<\/span>\n\t\t<\/div>\n\t\t\t\t<\/div>\n\t\t\t\t<\/div>\n\t\t\t\t<div class=\"elementor-element elementor-element-6b47214 elementor-position-left elementor-vertical-align-top elementor-widget elementor-widget-image-box\" data-id=\"6b47214\" data-element_type=\"widget\" data-widget_type=\"image-box.default\">\n\t\t\t\t<div class=\"elementor-widget-container\">\n\t\t\t<div class=\"elementor-image-box-wrapper\"><figure class=\"elementor-image-box-img\"><img loading=\"lazy\" decoding=\"async\" width=\"1060\" height=\"1060\" src=\"https:\/\/hexental-apotheke.de\/wp-content\/uploads\/2024\/01\/cropped-Das_Team_SandraBaumgartner.jpg\" class=\"attachment-full size-full wp-image-641\" alt=\"\" srcset=\"https:\/\/hexental-apotheke.de\/wp-content\/uploads\/2024\/01\/cropped-Das_Team_SandraBaumgartner.jpg 1060w, https:\/\/hexental-apotheke.de\/wp-content\/uploads\/2024\/01\/cropped-Das_Team_SandraBaumgartner-300x300.jpg 300w, https:\/\/hexental-apotheke.de\/wp-content\/uploads\/2024\/01\/cropped-Das_Team_SandraBaumgartner-1024x1024.jpg 1024w, https:\/\/hexental-apotheke.de\/wp-content\/uploads\/2024\/01\/cropped-Das_Team_SandraBaumgartner-150x150.jpg 150w, https:\/\/hexental-apotheke.de\/wp-content\/uploads\/2024\/01\/cropped-Das_Team_SandraBaumgartner-768x768.jpg 768w\" sizes=\"(max-width: 1060px) 100vw, 1060px\" \/><\/figure><div class=\"elementor-image-box-content\"><h3 class=\"elementor-image-box-title\">Sandra Baumgartner \u2013 Buchhaltung<\/h3><p class=\"elementor-image-box-description\">Ich bin f\u00fcr die Buchhaltung und das Controlling zust\u00e4ndig. Ich erstelle und \u00fcberwache Rechnungen und dokumentiere alle zahlenbasierten Vorg\u00e4nge. Au\u00dferdem bin ich f\u00fcr die verl\u00e4ssliche Weitergabe der Zahlen an die Gesch\u00e4ftsleitung zust\u00e4ndig.<\/p><\/div><\/div>\t\t<\/div>\n\t\t\t\t<\/div>\n\t\t\t\t<div class=\"elementor-element elementor-element-98cae98 elementor-widget-divider--view-line elementor-widget elementor-widget-divider\" data-id=\"98cae98\" data-element_type=\"widget\" data-widget_type=\"divider.default\">\n\t\t\t\t<div class=\"elementor-widget-container\">\n\t\t\t\t\t<div class=\"elementor-divider\">\n\t\t\t<span class=\"elementor-divider-separator\">\n\t\t\t\t\t\t<\/span>\n\t\t<\/div>\n\t\t\t\t<\/div>\n\t\t\t\t<\/div>\n\t\t\t\t<div class=\"elementor-element elementor-element-87118c5 elementor-position-left elementor-vertical-align-top elementor-widget elementor-widget-image-box\" data-id=\"87118c5\" data-element_type=\"widget\" data-widget_type=\"image-box.default\">\n\t\t\t\t<div class=\"elementor-widget-container\">\n\t\t\t<div class=\"elementor-image-box-wrapper\"><figure class=\"elementor-image-box-img\"><img loading=\"lazy\" decoding=\"async\" width=\"1520\" height=\"1522\" src=\"https:\/\/hexental-apotheke.de\/wp-content\/uploads\/2024\/01\/Das_Team_UweBernhardt-e1631017022719.jpg\" class=\"attachment-full size-full wp-image-644\" alt=\"\" srcset=\"https:\/\/hexental-apotheke.de\/wp-content\/uploads\/2024\/01\/Das_Team_UweBernhardt-e1631017022719.jpg 1520w, https:\/\/hexental-apotheke.de\/wp-content\/uploads\/2024\/01\/Das_Team_UweBernhardt-e1631017022719-300x300.jpg 300w, https:\/\/hexental-apotheke.de\/wp-content\/uploads\/2024\/01\/Das_Team_UweBernhardt-e1631017022719-1024x1024.jpg 1024w, https:\/\/hexental-apotheke.de\/wp-content\/uploads\/2024\/01\/Das_Team_UweBernhardt-e1631017022719-150x150.jpg 150w, https:\/\/hexental-apotheke.de\/wp-content\/uploads\/2024\/01\/Das_Team_UweBernhardt-e1631017022719-768x769.jpg 768w\" sizes=\"(max-width: 1520px) 100vw, 1520px\" \/><\/figure><div class=\"elementor-image-box-content\"><h3 class=\"elementor-image-box-title\">Uwe Bernhardt \u2013 Logistik<\/h3><p class=\"elementor-image-box-description\">Ich sorge daf\u00fcr, dass jedes Arzneimittel am Abend zu Ihnen kommt, wenn es mal nicht vorr\u00e4tig sein sollte. Ich kenne das Hexental in \u2013 und auswendig, und bringe die Medikamente auch bei Schnee und Eis an Ihre Wunschadresse.<\/p><\/div><\/div>\t\t<\/div>\n\t\t\t\t<\/div>\n\t\t\t\t\t<\/div>\n\t\t\t\t<\/div>\n\t\t\t\t\t\t\t<\/div>\n\t\t","protected":false},"excerpt":{"rendered":"<p>Dr. Sybille Koch-G\u00f6pfrich \u2013 Apothekerin &#038; Heilpraktikerin Am 1. Januar 2009 \u00fcbernahm ich die Hexental-Apotheke. Im gleichen Jahr wurde die Apotheke umgebaut und neu gestaltet. Mein beruflicher Ma\u00dfstab ist immer die gr\u00f6\u00dftm\u00f6gliche Kundenzufriedenheit. Daf\u00fcr stehe ich, zusammen mit meinen kompetenten und geschulten Mitarbeiterinnen im Handverkauf und bei der Beratung zu allen Fragen zur Gesundheit. Au\u00dferdem [&hellip;]<\/p>\n","protected":false},"author":1,"featured_media":0,"parent":608,"menu_order":0,"comment_status":"closed","ping_status":"closed","template":"","meta":{"footnotes":""},"class_list":["post-614","page","type-page","status-publish","hentry"],"_links":{"self":[{"href":"https:\/\/hexental-apotheke.de\/index.php?rest_route=\/wp\/v2\/pages\/614","targetHints":{"allow":["GET"]}}],"collection":[{"href":"https:\/\/hexental-apotheke.de\/index.php?rest_route=\/wp\/v2\/pages"}],"about":[{"href":"https:\/\/hexental-apotheke.de\/index.php?rest_route=\/wp\/v2\/types\/page"}],"author":[{"embeddable":true,"href":"https:\/\/hexental-apotheke.de\/index.php?rest_route=\/wp\/v2\/users\/1"}],"replies":[{"embeddable":true,"href":"https:\/\/hexental-apotheke.de\/index.php?rest_route=%2Fwp%2Fv2%2Fcomments&post=614"}],"version-history":[{"count":58,"href":"https:\/\/hexental-apotheke.de\/index.php?rest_route=\/wp\/v2\/pages\/614\/revisions"}],"predecessor-version":[{"id":1137,"href":"https:\/\/hexental-apotheke.de\/index.php?rest_route=\/wp\/v2\/pages\/614\/revisions\/1137"}],"up":[{"embeddable":true,"href":"https:\/\/hexental-apotheke.de\/index.php?rest_route=\/wp\/v2\/pages\/608"}],"wp:attachment":[{"href":"https:\/\/hexental-apotheke.de\/index.php?rest_route=%2Fwp%2Fv2%2Fmedia&parent=614"}],"curies":[{"name":"wp","href":"https:\/\/api.w.org\/{rel}","templated":true}]}}